{"id":20311,"date":"2019-10-24T11:27:59","date_gmt":"2019-10-24T09:27:59","guid":{"rendered":"https:\/\/www.warak.com\/noticias\/"},"modified":"2025-09-02T11:15:14","modified_gmt":"2025-09-02T09:15:14","slug":"noticias","status":"publish","type":"page","link":"https:\/\/www.warak.com\/it\/noticias\/","title":{"rendered":"Notizie"},"content":{"rendered":"<div class=\"vgblk-rw-wrapper limit-wrapper\">\n<meta itemprop=\"datePublished\" content=\"2019-10-24\"><meta itemprop=\"dateModified\" content=\"2019-12-05\"><meta itemprop=\"name\" content=\"Warak\"><meta itemprop=\"url\" content=\"https:\/\/www.warak.com\/it\/\"><meta itemprop=\"url\" content=\"https:\/\/www.warak.com\/wp-content\/uploads\/2019\/09\/logo-png-300-2.png\"><meta itemprop=\"url\" content=\"https:\/\/www.warak.com\/it\/author\/warak\/\"><meta itemprop=\"name\" content=\"warak\"><meta itemprop=\"url\" content=\"https:\/\/www.warak.com\/wp-content\/uploads\/2019\/09\/Warak-Consulting-02-flip.jpg\"><meta itemprop=\"width\" content=\"1920\"><meta itemprop=\"height\" content=\"1280\"><meta itemprop=\"interactionType\" content=\"http:\/\/schema.org\/CommentAction\"><meta itemprop=\"userInteractionCount\" content=\"0\">\t\n\t\t\t\t\t\t\t\t\t<a href=\"https:\/\/www.warak.com\/it\/warak-consulting-presente-en-la-feria-internacional-cce-2019-en-munich\/\" title=\"Warak Consulting presente en la feria Internacional CCE 2019 en Munich\">\n\t\t\t\t\t\t<img fetchpriority=\"high\" decoding=\"async\" width=\"420\" height=\"280\" src=\"https:\/\/www.warak.com\/wp-content\/uploads\/2019\/09\/Warak-Consulting-02-flip-420x280.jpg\" alt=\"\" srcset=\"data:image\/svg+xml;utf8,<svg%20xmlns=&quot;http:\/\/www.w3.org\/2000\/svg&quot;%20viewBox=&quot;0%200%20420%20280&quot;%20height=&quot;280px&quot;%20width=&quot;420px&quot;\/>&#8221; data-srcset=&#8221;https:\/\/www.warak.com\/wp-content\/uploads\/2019\/09\/Warak-Consulting-02-flip-420&#215;280.jpg 420w, https:\/\/www.warak.com\/wp-content\/uploads\/2019\/09\/Warak-Consulting-02-flip-300&#215;200.jpg 300w, https:\/\/www.warak.com\/wp-content\/uploads\/2019\/09\/Warak-Consulting-02-flip-768&#215;512.jpg 768w, https:\/\/www.warak.com\/wp-content\/uploads\/2019\/09\/Warak-Consulting-02-flip-1024&#215;683.jpg 1024w, https:\/\/www.warak.com\/wp-content\/uploads\/2019\/09\/Warak-Consulting-02-flip-1260&#215;840.jpg 1260w, https:\/\/www.warak.com\/wp-content\/uploads\/2019\/09\/Warak-Consulting-02-flip-630&#215;420.jpg 630w, https:\/\/www.warak.com\/wp-content\/uploads\/2019\/09\/Warak-Consulting-02-flip-840&#215;560.jpg 840w, https:\/\/www.warak.com\/wp-content\/uploads\/2019\/09\/Warak-Consulting-02-flip-315&#215;210.jpg 315w, https:\/\/www.warak.com\/wp-content\/uploads\/2019\/09\/Warak-Consulting-02-flip.jpg 1920w&#8221; sizes=&#8221;(min-width: 900px) 50vw, 100vw&#8221; data-attachment-id=&#8221;20417&#8243; data-permalink=&#8221;https:\/\/www.warak.com\/it\/warak-consulting-presente-en-la-feria-internacional-cce-2019-en-munich\/warak-consulting-02-flip-2\/&#8221; data-orig-file=&#8221;https:\/\/www.warak.com\/wp-content\/uploads\/2019\/09\/Warak-Consulting-02-flip.jpg&#8221; data-orig-size=&#8221;1920,1280&#8243; data-comments-opened=&#8221;1&#8243; data-image-meta=&#8221;{&quot;aperture&quot;:&quot;0&quot;,&quot;credit&quot;:&quot;&quot;,&quot;camera&quot;:&quot;&quot;,&quot;caption&quot;:&quot;&quot;,&quot;created_timestamp&quot;:&quot;0&quot;,&quot;copyright&quot;:&quot;&quot;,&quot;focal_length&quot;:&quot;0&quot;,&quot;iso&quot;:&quot;0&quot;,&quot;shutter_speed&quot;:&quot;0&quot;,&quot;title&quot;:&quot;&quot;,&quot;orientation&quot;:&quot;0&quot;}&#8221; data-image-title=&#8221;Warak-Consulting-02-flip&#8221; data-image-description=&#8221;&#8221; data-medium-file=&#8221;https:\/\/www.warak.com\/wp-content\/uploads\/2019\/09\/Warak-Consulting-02-flip-300&#215;200.jpg&#8221; data-large-file=&#8221;https:\/\/www.warak.com\/wp-content\/uploads\/2019\/09\/Warak-Consulting-02-flip-1024&#215;683.jpg&#8221;>\t\t\t\t\t\tvamtam-theme-circle-post\t\t\t\t\t<\/a>\n\t\t\t\t\t\ue06c Category <a href=\"https:\/\/www.warak.com\/it\/category\/corrugated-it\/\" rel=\"category tag\">Corrugated<\/a>\n\t\t\t\t\t\t\t<header>\n\t\t\t\t<h4>\n\t\t\t\t\t<a href=\"https:\/\/www.warak.com\/it\/warak-consulting-presente-en-la-feria-internacional-cce-2019-en-munich\/\" title=\"Warak Consulting presente en la feria Internacional CCE 2019 en Munich\">Warak Consulting presente en la feria Internacional CCE 2019 en Munich<\/a>\n\t\t\t\t<\/h4>\n\t\t<\/header>\n\t\t<a href=\"https:\/\/www.warak.com\/it\/warak-consulting-presente-en-la-feria-internacional-cce-2019-en-munich\/\" title=\"Warak Consulting presente en la feria Internacional CCE 2019 en Munich\">\n\t\t\t24 Ottobre, 2019\t\t<\/a>\n\t<a href=\"https:\/\/www.warak.com\/wp-admin\/post.php?post=20416&amp;action=edit&amp;lang=it\">\ue009Edit<\/a>\n\t\t\t\tUn a\u00f1o m\u00e1s visitamos la feria europea de referencia para presentar las novedades de nuestras&#8230;\t\t\t\n\t\t\t\t\t\ue075 Tags <a href=\"https:\/\/www.warak.com\/it\/tag\/ferias-y-eventos-it\/\" rel=\"tag\">Ferias y eventos<\/a>\t\t\t\t\n\t\t\t<a href=\"https:\/\/www.warak.com\/it\/warak-consulting-presente-en-la-feria-internacional-cce-2019-en-munich\/\" target=\"_self\" role=\"button\" rel=\"noopener noreferrer\">\n\t\t\t\tRead More\n\t\t\t<\/a>\n\t<meta itemprop=\"datePublished\" content=\"2019-10-23\"><meta itemprop=\"dateModified\" content=\"2019-12-04\"><meta itemprop=\"name\" content=\"Warak\"><meta itemprop=\"url\" content=\"https:\/\/www.warak.com\/it\/\"><meta itemprop=\"url\" content=\"https:\/\/www.warak.com\/wp-content\/uploads\/2019\/09\/logo-png-300-2.png\"><meta itemprop=\"url\" content=\"https:\/\/www.warak.com\/it\/author\/warak\/\"><meta itemprop=\"name\" content=\"warak\"><meta itemprop=\"url\" content=\"https:\/\/www.warak.com\/wp-content\/uploads\/2019\/10\/PHOTO-2019-10-10-20-54-21.jpg\"><meta itemprop=\"width\" content=\"1536\"><meta itemprop=\"height\" content=\"1024\"><meta itemprop=\"interactionType\" content=\"http:\/\/schema.org\/CommentAction\"><meta itemprop=\"userInteractionCount\" content=\"0\">\t\n\t\t\t\t\t\t\t\t\t<a href=\"https:\/\/www.warak.com\/it\/asistimos-a-la-feria-fefco-2019-en-ginebra\/\" title=\"Asistimos a la feria FEFCO 2019 en Ginebra\">\n\t\t\t\t\t\t<img decoding=\"async\" width=\"420\" height=\"280\" src=\"https:\/\/www.warak.com\/wp-content\/uploads\/2019\/10\/PHOTO-2019-10-10-20-54-21-420x280.jpg\" alt=\"\" srcset=\"data:image\/svg+xml;utf8,<svg%20xmlns=&quot;http:\/\/www.w3.org\/2000\/svg&quot;%20viewBox=&quot;0%200%20420%20280&quot;%20height=&quot;280px&quot;%20width=&quot;420px&quot;\/>&#8221; data-srcset=&#8221;https:\/\/www.warak.com\/wp-content\/uploads\/2019\/10\/PHOTO-2019-10-10-20-54-21-420&#215;280.jpg 420w, https:\/\/www.warak.com\/wp-content\/uploads\/2019\/10\/PHOTO-2019-10-10-20-54-21-300&#215;200.jpg 300w, https:\/\/www.warak.com\/wp-content\/uploads\/2019\/10\/PHOTO-2019-10-10-20-54-21-768&#215;512.jpg 768w, https:\/\/www.warak.com\/wp-content\/uploads\/2019\/10\/PHOTO-2019-10-10-20-54-21-1024&#215;683.jpg 1024w, https:\/\/www.warak.com\/wp-content\/uploads\/2019\/10\/PHOTO-2019-10-10-20-54-21-1260&#215;840.jpg 1260w, https:\/\/www.warak.com\/wp-content\/uploads\/2019\/10\/PHOTO-2019-10-10-20-54-21-630&#215;420.jpg 630w, https:\/\/www.warak.com\/wp-content\/uploads\/2019\/10\/PHOTO-2019-10-10-20-54-21-840&#215;560.jpg 840w, https:\/\/www.warak.com\/wp-content\/uploads\/2019\/10\/PHOTO-2019-10-10-20-54-21-315&#215;210.jpg 315w, https:\/\/www.warak.com\/wp-content\/uploads\/2019\/10\/PHOTO-2019-10-10-20-54-21.jpg 1536w&#8221; sizes=&#8221;(min-width: 900px) 50vw, 100vw&#8221; data-attachment-id=&#8221;20326&#8243; data-permalink=&#8221;https:\/\/www.warak.com\/it\/asistimos-a-la-feria-fefco-2019-en-ginebra\/photo-2019-10-10-20-54-21-2\/&#8221; data-orig-file=&#8221;https:\/\/www.warak.com\/wp-content\/uploads\/2019\/10\/PHOTO-2019-10-10-20-54-21.jpg&#8221; data-orig-size=&#8221;1536,1024&#8243; data-comments-opened=&#8221;1&#8243; data-image-meta=&#8221;{&quot;aperture&quot;:&quot;0&quot;,&quot;credit&quot;:&quot;&quot;,&quot;camera&quot;:&quot;&quot;,&quot;caption&quot;:&quot;&quot;,&quot;created_timestamp&quot;:&quot;0&quot;,&quot;copyright&quot;:&quot;&quot;,&quot;focal_length&quot;:&quot;0&quot;,&quot;iso&quot;:&quot;0&quot;,&quot;shutter_speed&quot;:&quot;0&quot;,&quot;title&quot;:&quot;&quot;,&quot;orientation&quot;:&quot;0&quot;}&#8221; data-image-title=&#8221;PHOTO-2019-10-10-20-54-21&#8243; data-image-description=&#8221;&#8221; data-medium-file=&#8221;https:\/\/www.warak.com\/wp-content\/uploads\/2019\/10\/PHOTO-2019-10-10-20-54-21-300&#215;200.jpg&#8221; data-large-file=&#8221;https:\/\/www.warak.com\/wp-content\/uploads\/2019\/10\/PHOTO-2019-10-10-20-54-21-1024&#215;683.jpg&#8221;>\t\t\t\t\t\tvamtam-theme-circle-post\t\t\t\t\t<\/a>\n\t\t\t\t\t\ue06c Category <a href=\"https:\/\/www.warak.com\/it\/category\/corrugated-it\/\" rel=\"category tag\">Corrugated<\/a>\n\t\t\t\t\t\t\t<header>\n\t\t\t\t<h4>\n\t\t\t\t\t<a href=\"https:\/\/www.warak.com\/it\/asistimos-a-la-feria-fefco-2019-en-ginebra\/\" title=\"Asistimos a la feria FEFCO 2019 en Ginebra\">Asistimos a la feria FEFCO 2019 en Ginebra<\/a>\n\t\t\t\t<\/h4>\n\t\t<\/header>\n\t\t<a href=\"https:\/\/www.warak.com\/it\/asistimos-a-la-feria-fefco-2019-en-ginebra\/\" title=\"Asistimos a la feria FEFCO 2019 en Ginebra\">\n\t\t\t23 Ottobre, 2019\t\t<\/a>\n\t<a href=\"https:\/\/www.warak.com\/wp-admin\/post.php?post=20324&amp;action=edit&amp;lang=it\">\ue009Edit<\/a>\n\t\t\t\tEste a\u00f1o los protagonistas de FEFCO han sido los sistemas de automatizaci\u00f3n, acci\u00f3n remota, mejora&#8230;\t\t\t\n\t\t\t\t\t\ue075 Tags <a href=\"https:\/\/www.warak.com\/it\/tag\/ferias-y-eventos-it\/\" rel=\"tag\">Ferias y eventos<\/a>\t\t\t\t\n\t\t\t<a href=\"https:\/\/www.warak.com\/it\/asistimos-a-la-feria-fefco-2019-en-ginebra\/\" target=\"_self\" role=\"button\" rel=\"noopener noreferrer\">\n\t\t\t\tRead More\n\t\t\t<\/a>\n\t<meta itemprop=\"datePublished\" content=\"2019-09-01\"><meta itemprop=\"dateModified\" content=\"2019-12-04\"><meta itemprop=\"name\" content=\"Warak\"><meta itemprop=\"url\" content=\"https:\/\/www.warak.com\/it\/\"><meta itemprop=\"url\" content=\"https:\/\/www.warak.com\/wp-content\/uploads\/2019\/09\/logo-png-300-2.png\"><meta itemprop=\"url\" content=\"https:\/\/www.warak.com\/it\/author\/warak\/\"><meta itemprop=\"name\" content=\"warak\"><meta itemprop=\"url\" content=\"https:\/\/www.warak.com\/wp-content\/uploads\/2019\/09\/WhatsApp-Image-2019-07-10-at-15.11.22.jpeg\"><meta itemprop=\"width\" content=\"1024\"><meta itemprop=\"height\" content=\"768\"><meta itemprop=\"interactionType\" content=\"http:\/\/schema.org\/CommentAction\"><meta itemprop=\"userInteractionCount\" content=\"0\">\t\n\t\t\t\t\t\t\t\t\t<a href=\"https:\/\/www.warak.com\/it\/feria-acccsa-2019\/\" title=\"Presentes en la 39 Feria de la Asociaci\u00f3n de Corrugadores Americanos ACCCSA\">\n\t\t\t\t\t\t<img decoding=\"async\" width=\"420\" height=\"315\" src=\"https:\/\/www.warak.com\/wp-content\/uploads\/2019\/09\/WhatsApp-Image-2019-07-10-at-15.11.22-420x315.jpeg\" alt=\"\" srcset=\"data:image\/svg+xml;utf8,<svg%20xmlns=&quot;http:\/\/www.w3.org\/2000\/svg&quot;%20viewBox=&quot;0%200%20420%20315&quot;%20height=&quot;315px&quot;%20width=&quot;420px&quot;\/>&#8221; data-srcset=&#8221;https:\/\/www.warak.com\/wp-content\/uploads\/2019\/09\/WhatsApp-Image-2019-07-10-at-15.11.22-420&#215;315.jpeg 420w, https:\/\/www.warak.com\/wp-content\/uploads\/2019\/09\/WhatsApp-Image-2019-07-10-at-15.11.22-300&#215;225.jpeg 300w, https:\/\/www.warak.com\/wp-content\/uploads\/2019\/09\/WhatsApp-Image-2019-07-10-at-15.11.22-768&#215;576.jpeg 768w, https:\/\/www.warak.com\/wp-content\/uploads\/2019\/09\/WhatsApp-Image-2019-07-10-at-15.11.22.jpeg 1024w, https:\/\/www.warak.com\/wp-content\/uploads\/2019\/09\/WhatsApp-Image-2019-07-10-at-15.11.22-630&#215;473.jpeg 630w, https:\/\/www.warak.com\/wp-content\/uploads\/2019\/09\/WhatsApp-Image-2019-07-10-at-15.11.22-840&#215;630.jpeg 840w, https:\/\/www.warak.com\/wp-content\/uploads\/2019\/09\/WhatsApp-Image-2019-07-10-at-15.11.22-315&#215;236.jpeg 315w&#8221; sizes=&#8221;(min-width: 900px) 50vw, 100vw&#8221; data-attachment-id=&#8221;20332&#8243; data-permalink=&#8221;https:\/\/www.warak.com\/it\/feria-acccsa-2019\/whatsapp-image-2019-07-10-at-15-11-22-2\/&#8221; data-orig-file=&#8221;https:\/\/www.warak.com\/wp-content\/uploads\/2019\/09\/WhatsApp-Image-2019-07-10-at-15.11.22.jpeg&#8221; data-orig-size=&#8221;1024,768&#8243; data-comments-opened=&#8221;0&#8243; data-image-meta=&#8221;{&quot;aperture&quot;:&quot;0&quot;,&quot;credit&quot;:&quot;&quot;,&quot;camera&quot;:&quot;&quot;,&quot;caption&quot;:&quot;&quot;,&quot;created_timestamp&quot;:&quot;0&quot;,&quot;copyright&quot;:&quot;&quot;,&quot;focal_length&quot;:&quot;0&quot;,&quot;iso&quot;:&quot;0&quot;,&quot;shutter_speed&quot;:&quot;0&quot;,&quot;title&quot;:&quot;&quot;,&quot;orientation&quot;:&quot;0&quot;}&#8221; data-image-title=&#8221;WhatsApp-Image-2019-07-10-at-15.11.22&#8243; data-image-description=&#8221;<p>Engineered solutions for corrugated cardboard manufacturing, production and converting machinery, glue kitchen and work in progress vertical storage.<\/p>\n&#8221; data-medium-file=&#8221;https:\/\/www.warak.com\/wp-content\/uploads\/2019\/09\/WhatsApp-Image-2019-07-10-at-15.11.22-300&#215;225.jpeg&#8221; data-large-file=&#8221;https:\/\/www.warak.com\/wp-content\/uploads\/2019\/09\/WhatsApp-Image-2019-07-10-at-15.11.22-1024&#215;768.jpeg&#8221;>\t\t\t\t\t\tvamtam-theme-circle-post\t\t\t\t\t<\/a>\n\t\t\t\t\t\ue06c Category <a href=\"https:\/\/www.warak.com\/it\/category\/corrugated-it\/\" rel=\"category tag\">Corrugated<\/a>\n\t\t\t\t\t\t\t<header>\n\t\t\t\t<h4>\n\t\t\t\t\t<a href=\"https:\/\/www.warak.com\/it\/feria-acccsa-2019\/\" title=\"Presentes en la 39 Feria de la Asociaci\u00f3n de Corrugadores Americanos ACCCSA\">Presentes en la 39 Feria de la Asociaci\u00f3n de Corrugadores Americanos ACCCSA<\/a>\n\t\t\t\t<\/h4>\n\t\t<\/header>\n\t\t<a href=\"https:\/\/www.warak.com\/it\/feria-acccsa-2019\/\" title=\"Presentes en la 39 Feria de la Asociaci\u00f3n de Corrugadores Americanos ACCCSA\">\n\t\t\t1 Settembre, 2019\t\t<\/a>\n\t<a href=\"https:\/\/www.warak.com\/wp-admin\/post.php?post=20330&amp;action=edit&amp;lang=it\">\ue009Edit<\/a>\n\t\t\t\tHemos presentado en la convenci\u00f3n anual de ACCCSA (Asoc. Corrugadores del Caribe, Centro y SurAm\u00e9rica)&#8230;\t\t\t\n\t\t\t\t\t\ue075 Tags <a href=\"https:\/\/www.warak.com\/it\/tag\/ferias-y-eventos-it\/\" rel=\"tag\">Ferias y eventos<\/a>, <a href=\"https:\/\/www.warak.com\/it\/tag\/ferias-y-eventos-it\/\" rel=\"tag\">Ferias y eventos<\/a>\t\t\t\t\n\t\t\t<a href=\"https:\/\/www.warak.com\/it\/feria-acccsa-2019\/\" target=\"_self\" role=\"button\" rel=\"noopener noreferrer\">\n\t\t\t\tRead More\n\t\t\t<\/a>\n\t<meta itemprop=\"datePublished\" content=\"2019-07-05\"><meta itemprop=\"dateModified\" content=\"2019-12-04\"><meta itemprop=\"name\" content=\"Warak\"><meta itemprop=\"url\" content=\"https:\/\/www.warak.com\/it\/\"><meta itemprop=\"url\" content=\"https:\/\/www.warak.com\/wp-content\/uploads\/2019\/09\/logo-png-300-2.png\"><meta itemprop=\"url\" content=\"https:\/\/www.warak.com\/it\/author\/warak\/\"><meta itemprop=\"name\" content=\"warak\"><meta itemprop=\"url\" content=\"https:\/\/www.warak.com\/wp-content\/uploads\/2019\/09\/11_1561449999-3561233_843.jpg\"><meta itemprop=\"width\" content=\"1250\"><meta itemprop=\"height\" content=\"800\"><meta itemprop=\"interactionType\" content=\"http:\/\/schema.org\/CommentAction\"><meta itemprop=\"userInteractionCount\" content=\"0\">\t\n\t\t\t\t\t\t\t\t\t<a href=\"https:\/\/www.warak.com\/it\/xix-congreso-de-afco-en-huelva\/\" title=\"XIX Congreso de AFCO en Huelva\">\n\t\t\t\t\t\t<img loading=\"lazy\" decoding=\"async\" width=\"420\" height=\"269\" src=\"https:\/\/www.warak.com\/wp-content\/uploads\/2019\/09\/11_1561449999-3561233_843-420x269.jpg\" alt=\"\" srcset=\"data:image\/svg+xml;utf8,<svg%20xmlns=&quot;http:\/\/www.w3.org\/2000\/svg&quot;%20viewBox=&quot;0%200%20420%20269&quot;%20height=&quot;269px&quot;%20width=&quot;420px&quot;\/>&#8221; data-srcset=&#8221;https:\/\/www.warak.com\/wp-content\/uploads\/2019\/09\/11_1561449999-3561233_843-420&#215;269.jpg 420w, https:\/\/www.warak.com\/wp-content\/uploads\/2019\/09\/11_1561449999-3561233_843-300&#215;192.jpg 300w, https:\/\/www.warak.com\/wp-content\/uploads\/2019\/09\/11_1561449999-3561233_843-768&#215;492.jpg 768w, https:\/\/www.warak.com\/wp-content\/uploads\/2019\/09\/11_1561449999-3561233_843-1024&#215;655.jpg 1024w, https:\/\/www.warak.com\/wp-content\/uploads\/2019\/09\/11_1561449999-3561233_843-630&#215;403.jpg 630w, https:\/\/www.warak.com\/wp-content\/uploads\/2019\/09\/11_1561449999-3561233_843-840&#215;538.jpg 840w, https:\/\/www.warak.com\/wp-content\/uploads\/2019\/09\/11_1561449999-3561233_843-315&#215;202.jpg 315w, https:\/\/www.warak.com\/wp-content\/uploads\/2019\/09\/11_1561449999-3561233_843.jpg 1250w&#8221; sizes=&#8221;(min-width: 900px) 50vw, 100vw&#8221; data-attachment-id=&#8221;20336&#8243; data-permalink=&#8221;https:\/\/www.warak.com\/it\/xix-congreso-de-afco-en-huelva\/11_1561449999-3561233_843-2\/&#8221; data-orig-file=&#8221;https:\/\/www.warak.com\/wp-content\/uploads\/2019\/09\/11_1561449999-3561233_843.jpg&#8221; data-orig-size=&#8221;1250,800&#8243; data-comments-opened=&#8221;1&#8243; data-image-meta=&#8221;{&quot;aperture&quot;:&quot;0&quot;,&quot;credit&quot;:&quot;&quot;,&quot;camera&quot;:&quot;&quot;,&quot;caption&quot;:&quot;&quot;,&quot;created_timestamp&quot;:&quot;0&quot;,&quot;copyright&quot;:&quot;&quot;,&quot;focal_length&quot;:&quot;0&quot;,&quot;iso&quot;:&quot;0&quot;,&quot;shutter_speed&quot;:&quot;0&quot;,&quot;title&quot;:&quot;&quot;,&quot;orientation&quot;:&quot;0&quot;}&#8221; data-image-title=&#8221;11_1561449999-3561233_843&#8243; data-image-description=&#8221;&#8221; data-medium-file=&#8221;https:\/\/www.warak.com\/wp-content\/uploads\/2019\/09\/11_1561449999-3561233_843-300&#215;192.jpg&#8221; data-large-file=&#8221;https:\/\/www.warak.com\/wp-content\/uploads\/2019\/09\/11_1561449999-3561233_843-1024&#215;655.jpg&#8221;>\t\t\t\t\t\tvamtam-theme-circle-post\t\t\t\t\t<\/a>\n\t\t\t\t\t\ue06c Category <a href=\"https:\/\/www.warak.com\/it\/category\/corrugated-it\/\" rel=\"category tag\">Corrugated<\/a>\n\t\t\t\t\t\t\t<header>\n\t\t\t\t<h4>\n\t\t\t\t\t<a href=\"https:\/\/www.warak.com\/it\/xix-congreso-de-afco-en-huelva\/\" title=\"XIX Congreso de AFCO en Huelva\">XIX Congreso de AFCO en Huelva<\/a>\n\t\t\t\t<\/h4>\n\t\t<\/header>\n\t\t<a href=\"https:\/\/www.warak.com\/it\/xix-congreso-de-afco-en-huelva\/\" title=\"XIX Congreso de AFCO en Huelva\">\n\t\t\t5 Luglio, 2019\t\t<\/a>\n\t<a href=\"https:\/\/www.warak.com\/wp-admin\/post.php?post=20335&amp;action=edit&amp;lang=it\">\ue009Edit<\/a>\n\t\t\t\t&nbsp; Tres d\u00edas de ponencias y actividades organizadas por la asociaci\u00f3n AFCO, dieron para renovar&#8230;\t\t\t\n\t\t\t\t\t\ue075 Tags <a href=\"https:\/\/www.warak.com\/it\/tag\/ferias-sector-it\/\" rel=\"tag\">Ferias sector<\/a>\t\t\t\t\n\t\t\t<a href=\"https:\/\/www.warak.com\/it\/xix-congreso-de-afco-en-huelva\/\" target=\"_self\" role=\"button\" rel=\"noopener noreferrer\">\n\t\t\t\tRead More\n\t\t\t<\/a>\n\t<meta itemprop=\"datePublished\" content=\"2019-05-21\"><meta itemprop=\"dateModified\" content=\"2019-12-04\"><meta itemprop=\"name\" content=\"Warak\"><meta itemprop=\"url\" content=\"https:\/\/www.warak.com\/it\/\"><meta itemprop=\"url\" content=\"https:\/\/www.warak.com\/wp-content\/uploads\/2019\/09\/logo-png-300-2.png\"><meta itemprop=\"url\" content=\"https:\/\/www.warak.com\/it\/author\/warak\/\"><meta itemprop=\"name\" content=\"warak\"><meta itemprop=\"url\" content=\"https:\/\/www.warak.com\/wp-content\/uploads\/2019\/09\/30934.jpg\"><meta itemprop=\"width\" content=\"750\"><meta itemprop=\"height\" content=\"500\"><meta itemprop=\"interactionType\" content=\"http:\/\/schema.org\/CommentAction\"><meta itemprop=\"userInteractionCount\" content=\"0\">\t\n\t\t\t\t\t\t\t\t\t<a href=\"https:\/\/www.warak.com\/it\/fosber-adquiere-una-participacion-mayoritaria-del-grupo-tiruna\/\" title=\"Fosber adquiere una participaci\u00f3n mayoritaria del Grupo Tiru\u00f1a\">\n\t\t\t\t\t\t<img loading=\"lazy\" decoding=\"async\" width=\"420\" height=\"280\" src=\"https:\/\/www.warak.com\/wp-content\/uploads\/2019\/09\/30934-420x280.jpg\" alt=\"\" srcset=\"data:image\/svg+xml;utf8,<svg%20xmlns=&quot;http:\/\/www.w3.org\/2000\/svg&quot;%20viewBox=&quot;0%200%20420%20280&quot;%20height=&quot;280px&quot;%20width=&quot;420px&quot;\/>&#8221; data-srcset=&#8221;https:\/\/www.warak.com\/wp-content\/uploads\/2019\/09\/30934-420&#215;280.jpg 420w, https:\/\/www.warak.com\/wp-content\/uploads\/2019\/09\/30934-300&#215;200.jpg 300w, https:\/\/www.warak.com\/wp-content\/uploads\/2019\/09\/30934-630&#215;420.jpg 630w, https:\/\/www.warak.com\/wp-content\/uploads\/2019\/09\/30934-315&#215;210.jpg 315w, https:\/\/www.warak.com\/wp-content\/uploads\/2019\/09\/30934.jpg 750w&#8221; sizes=&#8221;(min-width: 900px) 50vw, 100vw&#8221; data-attachment-id=&#8221;20344&#8243; data-permalink=&#8221;https:\/\/www.warak.com\/it\/fosber-adquiere-una-participacion-mayoritaria-del-grupo-tiruna\/30934-2\/&#8221; data-orig-file=&#8221;https:\/\/www.warak.com\/wp-content\/uploads\/2019\/09\/30934.jpg&#8221; data-orig-size=&#8221;750,500&#8243; data-comments-opened=&#8221;1&#8243; data-image-meta=&#8221;{&quot;aperture&quot;:&quot;1.8&quot;,&quot;credit&quot;:&quot;&quot;,&quot;camera&quot;:&quot;iPhone X&quot;,&quot;caption&quot;:&quot;&quot;,&quot;created_timestamp&quot;:&quot;1550048800&quot;,&quot;copyright&quot;:&quot;&quot;,&quot;focal_length&quot;:&quot;4&quot;,&quot;iso&quot;:&quot;40&quot;,&quot;shutter_speed&quot;:&quot;0.058823529411765&quot;,&quot;title&quot;:&quot;&quot;,&quot;orientation&quot;:&quot;1&quot;}&#8221; data-image-title=&#8221;30934&#8243; data-image-description=&#8221;&#8221; data-medium-file=&#8221;https:\/\/www.warak.com\/wp-content\/uploads\/2019\/09\/30934-300&#215;200.jpg&#8221; data-large-file=&#8221;https:\/\/www.warak.com\/wp-content\/uploads\/2019\/09\/30934.jpg&#8221;>\t\t\t\t\t\tvamtam-theme-circle-post\t\t\t\t\t<\/a>\n\t\t\t\t\t\ue06c Category <a href=\"https:\/\/www.warak.com\/it\/category\/corrugated-it\/\" rel=\"category tag\">Corrugated<\/a>, <a href=\"https:\/\/www.warak.com\/it\/category\/maquinaria-it\/\" rel=\"category tag\">Maquinaria<\/a>\n\t\t\t\t\t\t\t<header>\n\t\t\t\t<h4>\n\t\t\t\t\t<a href=\"https:\/\/www.warak.com\/it\/fosber-adquiere-una-participacion-mayoritaria-del-grupo-tiruna\/\" title=\"Fosber adquiere una participaci\u00f3n mayoritaria del Grupo Tiru\u00f1a\">Fosber adquiere una participaci\u00f3n mayoritaria del Grupo Tiru\u00f1a<\/a>\n\t\t\t\t<\/h4>\n\t\t<\/header>\n\t\t<a href=\"https:\/\/www.warak.com\/it\/fosber-adquiere-una-participacion-mayoritaria-del-grupo-tiruna\/\" title=\"Fosber adquiere una participaci\u00f3n mayoritaria del Grupo Tiru\u00f1a\">\n\t\t\t21 Maggio, 2019\t\t<\/a>\n\t<a href=\"https:\/\/www.warak.com\/wp-admin\/post.php?post=20343&amp;action=edit&amp;lang=it\">\ue009Edit<\/a>\n\t\t\t\tLa empresa Espa\u00f1ola fabricante de rodillos de ondular de alta calidad seguir\u00e1 operando como lo&#8230;\t\t\t\n\t\t\t<a href=\"https:\/\/www.warak.com\/it\/fosber-adquiere-una-participacion-mayoritaria-del-grupo-tiruna\/\" target=\"_self\" role=\"button\" rel=\"noopener noreferrer\">\n\t\t\t\tRead More\n\t\t\t<\/a>\n\t<meta itemprop=\"datePublished\" content=\"2019-05-13\"><meta itemprop=\"dateModified\" content=\"2019-12-04\"><meta itemprop=\"name\" content=\"Warak\"><meta itemprop=\"url\" content=\"https:\/\/www.warak.com\/it\/\"><meta itemprop=\"url\" content=\"https:\/\/www.warak.com\/wp-content\/uploads\/2019\/09\/logo-png-300-2.png\"><meta itemprop=\"url\" content=\"https:\/\/www.warak.com\/it\/author\/warak\/\"><meta itemprop=\"name\" content=\"warak\"><meta itemprop=\"url\" content=\"https:\/\/www.warak.com\/wp-content\/uploads\/2019\/09\/0A6614FE-A758-4170-A34B-D29855C06573-1.jpeg\"><meta itemprop=\"width\" content=\"2048\"><meta itemprop=\"height\" content=\"1367\"><meta itemprop=\"interactionType\" content=\"http:\/\/schema.org\/CommentAction\"><meta itemprop=\"userInteractionCount\" content=\"0\">\t\n\t\t\t\t\t\t\t\t\t<a href=\"https:\/\/www.warak.com\/it\/depuradora-cartonajes-america\/\" title=\"En marcha el proyecto de la depuradora de aguas en la empresa Cartonajes Am\u00e9rica\">\n\t\t\t\t\t\t<img loading=\"lazy\" decoding=\"async\" width=\"420\" height=\"280\" src=\"https:\/\/www.warak.com\/wp-content\/uploads\/2019\/09\/0A6614FE-A758-4170-A34B-D29855C06573-1-420x280.jpeg\" alt=\"\" srcset=\"data:image\/svg+xml;utf8,<svg%20xmlns=&quot;http:\/\/www.w3.org\/2000\/svg&quot;%20viewBox=&quot;0%200%20420%20280&quot;%20height=&quot;280px&quot;%20width=&quot;420px&quot;\/>&#8221; data-srcset=&#8221;https:\/\/www.warak.com\/wp-content\/uploads\/2019\/09\/0A6614FE-A758-4170-A34B-D29855C06573-1-420&#215;280.jpeg 420w, https:\/\/www.warak.com\/wp-content\/uploads\/2019\/09\/0A6614FE-A758-4170-A34B-D29855C06573-1-300&#215;200.jpeg 300w, https:\/\/www.warak.com\/wp-content\/uploads\/2019\/09\/0A6614FE-A758-4170-A34B-D29855C06573-1-768&#215;513.jpeg 768w, https:\/\/www.warak.com\/wp-content\/uploads\/2019\/09\/0A6614FE-A758-4170-A34B-D29855C06573-1-1024&#215;684.jpeg 1024w, https:\/\/www.warak.com\/wp-content\/uploads\/2019\/09\/0A6614FE-A758-4170-A34B-D29855C06573-1-1260&#215;841.jpeg 1260w, https:\/\/www.warak.com\/wp-content\/uploads\/2019\/09\/0A6614FE-A758-4170-A34B-D29855C06573-1-630&#215;421.jpeg 630w, https:\/\/www.warak.com\/wp-content\/uploads\/2019\/09\/0A6614FE-A758-4170-A34B-D29855C06573-1-840&#215;561.jpeg 840w, https:\/\/www.warak.com\/wp-content\/uploads\/2019\/09\/0A6614FE-A758-4170-A34B-D29855C06573-1-315&#215;210.jpeg 315w, https:\/\/www.warak.com\/wp-content\/uploads\/2019\/09\/0A6614FE-A758-4170-A34B-D29855C06573-1.jpeg 2048w&#8221; sizes=&#8221;(min-width: 900px) 50vw, 100vw&#8221; data-attachment-id=&#8221;20347&#8243; data-permalink=&#8221;https:\/\/www.warak.com\/it\/depuradora-cartonajes-america\/0a6614fe-a758-4170-a34b-d29855c06573-2-2\/&#8221; data-orig-file=&#8221;https:\/\/www.warak.com\/wp-content\/uploads\/2019\/09\/0A6614FE-A758-4170-A34B-D29855C06573-1.jpeg&#8221; data-orig-size=&#8221;2048,1367&#8243; data-comments-opened=&#8221;1&#8243; data-image-meta=&#8221;{&quot;aperture&quot;:&quot;0&quot;,&quot;credit&quot;:&quot;&quot;,&quot;camera&quot;:&quot;&quot;,&quot;caption&quot;:&quot;&quot;,&quot;created_timestamp&quot;:&quot;0&quot;,&quot;copyright&quot;:&quot;&quot;,&quot;focal_length&quot;:&quot;0&quot;,&quot;iso&quot;:&quot;0&quot;,&quot;shutter_speed&quot;:&quot;0&quot;,&quot;title&quot;:&quot;&quot;,&quot;orientation&quot;:&quot;1&quot;}&#8221; data-image-title=&#8221;0A6614FE-A758-4170-A34B-D29855C06573&#8243; data-image-description=&#8221;&#8221; data-medium-file=&#8221;https:\/\/www.warak.com\/wp-content\/uploads\/2019\/09\/0A6614FE-A758-4170-A34B-D29855C06573-1-300&#215;200.jpeg&#8221; data-large-file=&#8221;https:\/\/www.warak.com\/wp-content\/uploads\/2019\/09\/0A6614FE-A758-4170-A34B-D29855C06573-1-1024&#215;684.jpeg&#8221;>\t\t\t\t\t\tvamtam-theme-circle-post\t\t\t\t\t<\/a>\n\t\t\t\t\t\ue06c Category <a href=\"https:\/\/www.warak.com\/it\/category\/corrugated-it\/\" rel=\"category tag\">Corrugated<\/a>, <a href=\"https:\/\/www.warak.com\/it\/category\/maquinaria-it\/\" rel=\"category tag\">Maquinaria<\/a>\n\t\t\t\t\t\t\t<header>\n\t\t\t\t<h4>\n\t\t\t\t\t<a href=\"https:\/\/www.warak.com\/it\/depuradora-cartonajes-america\/\" title=\"En marcha el proyecto de la depuradora de aguas en la empresa Cartonajes Am\u00e9rica\">En marcha el proyecto de la depuradora de aguas en la empresa Cartonajes Am\u00e9rica<\/a>\n\t\t\t\t<\/h4>\n\t\t<\/header>\n\t\t<a href=\"https:\/\/www.warak.com\/it\/depuradora-cartonajes-america\/\" title=\"En marcha el proyecto de la depuradora de aguas en la empresa Cartonajes Am\u00e9rica\">\n\t\t\t13 Maggio, 2019\t\t<\/a>\n\t<a href=\"https:\/\/www.warak.com\/wp-admin\/post.php?post=20346&amp;action=edit&amp;lang=it\">\ue009Edit<\/a>\n\t\t\t\t&nbsp; Warak suministra la nueva instalaci\u00f3n de tratamiento de aguas residuales de Cartonajes Am\u00e9rica CRANSA&#8230;\t\t\t\n\t\t\t<a href=\"https:\/\/www.warak.com\/it\/depuradora-cartonajes-america\/\" target=\"_self\" role=\"button\" rel=\"noopener noreferrer\">\n\t\t\t\tRead More\n\t\t\t<\/a>\n\t<meta itemprop=\"datePublished\" content=\"2019-05-07\"><meta itemprop=\"dateModified\" content=\"2019-12-04\"><meta itemprop=\"name\" content=\"Warak\"><meta itemprop=\"url\" content=\"https:\/\/www.warak.com\/it\/\"><meta itemprop=\"url\" content=\"https:\/\/www.warak.com\/wp-content\/uploads\/2019\/09\/logo-png-300-2.png\"><meta itemprop=\"url\" content=\"https:\/\/www.warak.com\/it\/author\/warak\/\"><meta itemprop=\"name\" content=\"warak\"><meta itemprop=\"url\" content=\"https:\/\/www.warak.com\/wp-content\/uploads\/2019\/09\/stackercrane-horizontal-e1557239299445.jpg\"><meta itemprop=\"width\" content=\"1417\"><meta itemprop=\"height\" content=\"945\"><meta itemprop=\"interactionType\" content=\"http:\/\/schema.org\/CommentAction\"><meta itemprop=\"userInteractionCount\" content=\"0\">\t\n\t\t\t\t\t\t\t\t\t<a href=\"https:\/\/www.warak.com\/it\/warak-y-consoveyo-disenan-el-primer-transelevador-para-planchas-de-hasta-55-metros\/\" title=\"Warak y Consoveyo dise\u00f1an el primer transelevador para planchas de hasta 5,5 metros.\">\n\t\t\t\t\t\t<img loading=\"lazy\" decoding=\"async\" width=\"420\" height=\"280\" src=\"https:\/\/www.warak.com\/wp-content\/uploads\/2019\/09\/stackercrane-horizontal-e1557239299445-420x280.jpg\" alt=\"\" srcset=\"data:image\/svg+xml;utf8,<svg%20xmlns=&quot;http:\/\/www.w3.org\/2000\/svg&quot;%20viewBox=&quot;0%200%20420%20280&quot;%20height=&quot;280px&quot;%20width=&quot;420px&quot;\/>&#8221; data-srcset=&#8221;https:\/\/www.warak.com\/wp-content\/uploads\/2019\/09\/stackercrane-horizontal-e1557239299445-420&#215;280.jpg 420w, https:\/\/www.warak.com\/wp-content\/uploads\/2019\/09\/stackercrane-horizontal-e1557239299445-300&#215;200.jpg 300w, https:\/\/www.warak.com\/wp-content\/uploads\/2019\/09\/stackercrane-horizontal-e1557239299445-768&#215;512.jpg 768w, https:\/\/www.warak.com\/wp-content\/uploads\/2019\/09\/stackercrane-horizontal-e1557239299445-1024&#215;683.jpg 1024w, https:\/\/www.warak.com\/wp-content\/uploads\/2019\/09\/stackercrane-horizontal-e1557239299445-1260&#215;840.jpg 1260w, https:\/\/www.warak.com\/wp-content\/uploads\/2019\/09\/stackercrane-horizontal-e1557239299445-630&#215;420.jpg 630w, https:\/\/www.warak.com\/wp-content\/uploads\/2019\/09\/stackercrane-horizontal-e1557239299445-840&#215;560.jpg 840w, https:\/\/www.warak.com\/wp-content\/uploads\/2019\/09\/stackercrane-horizontal-e1557239299445-315&#215;210.jpg 315w, https:\/\/www.warak.com\/wp-content\/uploads\/2019\/09\/stackercrane-horizontal-e1557239299445.jpg 1417w&#8221; sizes=&#8221;(min-width: 900px) 50vw, 100vw&#8221; data-attachment-id=&#8221;20350&#8243; data-permalink=&#8221;https:\/\/www.warak.com\/it\/warak-y-consoveyo-disenan-el-primer-transelevador-para-planchas-de-hasta-55-metros\/stackercrane-horizontal-e1557239299445-2\/&#8221; data-orig-file=&#8221;https:\/\/www.warak.com\/wp-content\/uploads\/2019\/09\/stackercrane-horizontal-e1557239299445.jpg&#8221; data-orig-size=&#8221;1417,945&#8243; data-comments-opened=&#8221;0&#8243; data-image-meta=&#8221;{&quot;aperture&quot;:&quot;1.8&quot;,&quot;credit&quot;:&quot;&quot;,&quot;camera&quot;:&quot;iPhone 7&quot;,&quot;caption&quot;:&quot;&quot;,&quot;created_timestamp&quot;:&quot;1513084665&quot;,&quot;copyright&quot;:&quot;&quot;,&quot;focal_length&quot;:&quot;3.99&quot;,&quot;iso&quot;:&quot;80&quot;,&quot;shutter_speed&quot;:&quot;0.058823529411765&quot;,&quot;title&quot;:&quot;&quot;,&quot;orientation&quot;:&quot;1&quot;}&#8221; data-image-title=&#8221;stackercrane-horizontal-e1557239299445&#8243; data-image-description=&#8221;<p>Engineered solutions for corrugated cardboard manufacturing, production and converting machinery, glue kitchen and work in progress vertical storage.<\/p>\n&#8221; data-medium-file=&#8221;https:\/\/www.warak.com\/wp-content\/uploads\/2019\/09\/stackercrane-horizontal-e1557239299445-300&#215;200.jpg&#8221; data-large-file=&#8221;https:\/\/www.warak.com\/wp-content\/uploads\/2019\/09\/stackercrane-horizontal-e1557239299445-1024&#215;683.jpg&#8221;>\t\t\t\t\t\tvamtam-theme-circle-post\t\t\t\t\t<\/a>\n\t\t\t\t\t\ue06c Category <a href=\"https:\/\/www.warak.com\/it\/category\/corrugated-it\/\" rel=\"category tag\">Corrugated<\/a>, <a href=\"https:\/\/www.warak.com\/it\/category\/ingenieria-it\/\" rel=\"category tag\">Ingenier\u00eda<\/a>, <a href=\"https:\/\/www.warak.com\/it\/category\/logistica-it\/\" rel=\"category tag\">Log\u00edstica<\/a>\n\t\t\t\t\t\t\t<header>\n\t\t\t\t<h4>\n\t\t\t\t\t<a href=\"https:\/\/www.warak.com\/it\/warak-y-consoveyo-disenan-el-primer-transelevador-para-planchas-de-hasta-55-metros\/\" title=\"Warak y Consoveyo dise\u00f1an el primer transelevador para planchas de hasta 5,5 metros.\">Warak y Consoveyo dise\u00f1an el primer transelevador para planchas de hasta 5,5 metros.<\/a>\n\t\t\t\t<\/h4>\n\t\t<\/header>\n\t\t<a href=\"https:\/\/www.warak.com\/it\/warak-y-consoveyo-disenan-el-primer-transelevador-para-planchas-de-hasta-55-metros\/\" title=\"Warak y Consoveyo dise\u00f1an el primer transelevador para planchas de hasta 5,5 metros.\">\n\t\t\t7 Maggio, 2019\t\t<\/a>\n\t<a href=\"https:\/\/www.warak.com\/wp-admin\/post.php?post=20349&amp;action=edit&amp;lang=it\">\ue009Edit<\/a>\n\t\t\t\tLa distribuci\u00f3n variable de horquillas (dise\u00f1o exclusivo de Warak Consulting) permite una flexibilidad total en&#8230;\t\t\t\n\t\t\t<a href=\"https:\/\/www.warak.com\/it\/warak-y-consoveyo-disenan-el-primer-transelevador-para-planchas-de-hasta-55-metros\/\" target=\"_self\" role=\"button\" rel=\"noopener noreferrer\">\n\t\t\t\tRead More\n\t\t\t<\/a>\n\t<meta itemprop=\"datePublished\" content=\"2019-03-10\"><meta itemprop=\"dateModified\" content=\"2019-12-05\"><meta itemprop=\"name\" content=\"Warak\"><meta itemprop=\"url\" content=\"https:\/\/www.warak.com\/it\/\"><meta itemprop=\"url\" content=\"https:\/\/www.warak.com\/wp-content\/uploads\/2019\/09\/logo-png-300-2.png\"><meta itemprop=\"url\" content=\"https:\/\/www.warak.com\/it\/author\/warak\/\"><meta itemprop=\"name\" content=\"warak\"><meta itemprop=\"url\" content=\"https:\/\/www.warak.com\/wp-content\/uploads\/2019\/09\/HAO_3076.jpg\"><meta itemprop=\"width\" content=\"1417\"><meta itemprop=\"height\" content=\"944\"><meta itemprop=\"interactionType\" content=\"http:\/\/schema.org\/CommentAction\"><meta itemprop=\"userInteractionCount\" content=\"0\">\t\n\t\t\t\t\t\t\t\t\t<a href=\"https:\/\/www.warak.com\/it\/sino-corrugated\/\" title=\"Gran \u00e9xito de nuestros representados en la feria SINO Corrugated Shangh\u00e1i 2019.\">\n\t\t\t\t\t\t<img loading=\"lazy\" decoding=\"async\" width=\"420\" height=\"280\" src=\"https:\/\/www.warak.com\/wp-content\/uploads\/2019\/09\/HAO_3076-420x280.jpg\" alt=\"\" srcset=\"data:image\/svg+xml;utf8,<svg%20xmlns=&quot;http:\/\/www.w3.org\/2000\/svg&quot;%20viewBox=&quot;0%200%20420%20280&quot;%20height=&quot;280px&quot;%20width=&quot;420px&quot;\/>&#8221; data-srcset=&#8221;https:\/\/www.warak.com\/wp-content\/uploads\/2019\/09\/HAO_3076-420&#215;280.jpg 420w, https:\/\/www.warak.com\/wp-content\/uploads\/2019\/09\/HAO_3076-300&#215;200.jpg 300w, https:\/\/www.warak.com\/wp-content\/uploads\/2019\/09\/HAO_3076-768&#215;512.jpg 768w, https:\/\/www.warak.com\/wp-content\/uploads\/2019\/09\/HAO_3076-1024&#215;682.jpg 1024w, https:\/\/www.warak.com\/wp-content\/uploads\/2019\/09\/HAO_3076-1260&#215;839.jpg 1260w, https:\/\/www.warak.com\/wp-content\/uploads\/2019\/09\/HAO_3076-630&#215;420.jpg 630w, https:\/\/www.warak.com\/wp-content\/uploads\/2019\/09\/HAO_3076-840&#215;560.jpg 840w, https:\/\/www.warak.com\/wp-content\/uploads\/2019\/09\/HAO_3076-315&#215;210.jpg 315w, https:\/\/www.warak.com\/wp-content\/uploads\/2019\/09\/HAO_3076.jpg 1417w&#8221; sizes=&#8221;(min-width: 900px) 50vw, 100vw&#8221; data-attachment-id=&#8221;20356&#8243; data-permalink=&#8221;https:\/\/www.warak.com\/it\/sino-corrugated\/hao_3076-2\/&#8221; data-orig-file=&#8221;https:\/\/www.warak.com\/wp-content\/uploads\/2019\/09\/HAO_3076.jpg&#8221; data-orig-size=&#8221;1417,944&#8243; data-comments-opened=&#8221;0&#8243; data-image-meta=&#8221;{&quot;aperture&quot;:&quot;3.5&quot;,&quot;credit&quot;:&quot;&quot;,&quot;camera&quot;:&quot;Canon EOS 5D Mark IV&quot;,&quot;caption&quot;:&quot;&quot;,&quot;created_timestamp&quot;:&quot;1554826129&quot;,&quot;copyright&quot;:&quot;:205893:plus\/live\/meta\/8771095\/thumb\/46199176\/205893\/20190409160848\/HAO_3076.JPG:&quot;,&quot;focal_length&quot;:&quot;35&quot;,&quot;iso&quot;:&quot;2000&quot;,&quot;shutter_speed&quot;:&quot;0.01&quot;,&quot;title&quot;:&quot;&quot;,&quot;orientation&quot;:&quot;1&quot;}&#8221; data-image-title=&#8221;Fosber&#8221; data-image-description=&#8221;&#8221; data-medium-file=&#8221;https:\/\/www.warak.com\/wp-content\/uploads\/2019\/09\/HAO_3076-300&#215;200.jpg&#8221; data-large-file=&#8221;https:\/\/www.warak.com\/wp-content\/uploads\/2019\/09\/HAO_3076-1024&#215;682.jpg&#8221;>\t\t\t\t\t\tvamtam-theme-circle-post\t\t\t\t\t<\/a>\n\t\t\t\t\t\ue06c Category <a href=\"https:\/\/www.warak.com\/it\/category\/corrugated-it\/\" rel=\"category tag\">Corrugated<\/a>\n\t\t\t\t\t\t\t<header>\n\t\t\t\t<h4>\n\t\t\t\t\t<a href=\"https:\/\/www.warak.com\/it\/sino-corrugated\/\" title=\"Gran \u00e9xito de nuestros representados en la feria SINO Corrugated Shangh\u00e1i 2019.\">Gran \u00e9xito de nuestros representados en la feria SINO Corrugated Shangh\u00e1i 2019.<\/a>\n\t\t\t\t<\/h4>\n\t\t<\/header>\n\t\t<a href=\"https:\/\/www.warak.com\/it\/sino-corrugated\/\" title=\"Gran \u00e9xito de nuestros representados en la feria SINO Corrugated Shangh\u00e1i 2019.\">\n\t\t\t10 Marzo, 2019\t\t<\/a>\n\t<a href=\"https:\/\/www.warak.com\/wp-admin\/post.php?post=20355&amp;action=edit&amp;lang=it\">\ue009Edit<\/a>\n\t\t\t\tUna vez m\u00e1s, la feria&nbsp;SINO Corrugated&nbsp;sigue siendo la cita obligada para los grandes distribuidores de&#8230;\t\t\t\n\t\t\t\t\t\ue075 Tags <a href=\"https:\/\/www.warak.com\/it\/tag\/ferias-y-eventos-it\/\" rel=\"tag\">Ferias y eventos<\/a>\t\t\t\t\n\t\t\t<a href=\"https:\/\/www.warak.com\/it\/sino-corrugated\/\" target=\"_self\" role=\"button\" rel=\"noopener noreferrer\">\n\t\t\t\tRead More\n\t\t\t<\/a>\n<\/div><!-- .vgblk-rw-wrapper -->","protected":false},"excerpt":{"rendered":"<p>vamtam-theme-circle-post \ue06c Category Corrugated Asistimos a la feria FEFCO 2019 en Ginebra 23 Ottobre, 2019 \ue009Edit Este a\u00f1o los protagonistas de FEFCO han sido los sistemas de automatizaci\u00f3n, acci\u00f3n remota,&#8230;<\/p>\n","protected":false},"author":1,"featured_media":0,"parent":0,"menu_order":0,"comment_status":"closed","ping_status":"closed","template":"","meta":{"inline_featured_image":false,"_price":"","_stock":"","_tribe_ticket_header":"","_tribe_default_ticket_provider":"","_ticket_start_date":"","_ticket_end_date":"","_tribe_ticket_show_description":"","_tribe_ticket_show_not_going":false,"_tribe_ticket_use_global_stock":"","_tribe_ticket_global_stock_level":"","_global_stock_mode":"","_global_stock_cap":"","_tribe_rsvp_for_event":"","_tribe_ticket_going_count":"","_tribe_ticket_not_going_count":"","_tribe_tickets_list":"[]","_tribe_ticket_has_attendee_info_fields":false,"footnotes":""},"class_list":["post-20311","page","type-page","status-publish","hentry"],"_links":{"self":[{"href":"https:\/\/www.warak.com\/it\/wp-json\/wp\/v2\/pages\/20311","targetHints":{"allow":["GET"]}}],"collection":[{"href":"https:\/\/www.warak.com\/it\/wp-json\/wp\/v2\/pages"}],"about":[{"href":"https:\/\/www.warak.com\/it\/wp-json\/wp\/v2\/types\/page"}],"author":[{"embeddable":true,"href":"https:\/\/www.warak.com\/it\/wp-json\/wp\/v2\/users\/1"}],"replies":[{"embeddable":true,"href":"https:\/\/www.warak.com\/it\/wp-json\/wp\/v2\/comments?post=20311"}],"version-history":[{"count":4,"href":"https:\/\/www.warak.com\/it\/wp-json\/wp\/v2\/pages\/20311\/revisions"}],"predecessor-version":[{"id":25740,"href":"https:\/\/www.warak.com\/it\/wp-json\/wp\/v2\/pages\/20311\/revisions\/25740"}],"wp:attachment":[{"href":"https:\/\/www.warak.com\/it\/wp-json\/wp\/v2\/media?parent=20311"}],"curies":[{"name":"wp","href":"https:\/\/api.w.org\/{rel}","templated":true}]}}